{"id":115,"date":"2015-01-04T17:54:39","date_gmt":"2015-01-04T17:54:39","guid":{"rendered":"http:\/\/rythmique.ch\/newSite\/?page_id=115"},"modified":"2020-11-03T14:49:47","modified_gmt":"2020-11-03T13:49:47","slug":"jaques-dalcroze","status":"publish","type":"page","link":"https:\/\/rythmique.ch\/newSite\/jaques-dalcroze\/","title":{"rendered":"Emile Jaques-Dalcroze"},"content":{"rendered":"<p>[vc_row][vc_column width=&#8221;1\/3&#8243;][vc_single_image image=&#8221;222&#8243; border_color=&#8221;grey&#8221; img_link_target=&#8221;_self&#8221; img_size=&#8221;full&#8221;][vc_column_text]<br \/>\n<em>Emile Jaques-Dalcroze, photo de Fr\u00e9d\u00e9ric Boissonnas, Gen\u00e8ve, date inconnue (vraisemblablement dans les ann\u00e9es 1918 \u00e0 1920).<\/em><\/p>\n<p>[\/vc_column_text][\/vc_column][vc_column width=&#8221;2\/3&#8243;][vc_column_text]<\/p>\n<p style=\"text-align: justify;\">Le cr\u00e9ateur de la rythmique est Emile Jaques-Dalcroze (1865-1950). Les premi\u00e8res recherches concernant la rythmique datent du d\u00e9but du si\u00e8cle pass\u00e9 et se sont d\u00e9roul\u00e9es \u00e0 Gen\u00e8ve. Elles sont n\u00e9es de l\u2019exp\u00e9rience de l\u2019enseignement du solf\u00e8ge aupr\u00e8s des \u00e9tudiants professionnels.<\/p>\n<p style=\"text-align: justify;\">Malgr\u00e9 les r\u00e9ticences, il d\u00e9veloppe ses exp\u00e9riences spatio\u2010motrices et c\u2019est ainsi que les pr\u00e9mices d\u2019un syst\u00e8me \u00e9ducatif tout entier voient le jour. Il constate que son \u00ab mode d\u2019\u00e9ducation n\u2019int\u00e9resse pas uniquement les apprentis instrumentistes ou chanteurs, mais aussi les futurs danseurs \u00bb. En outre, il explore ses principes \u00e9ducatifs avec des classes d\u2019enfants et introduit sa m\u00e9thode dans l\u2019instruction publique.<\/p>\n<p style=\"text-align: justify;\">Depuis, la rythmique s\u2019est r\u00e9pandue \u00e0 travers le monde, et a connu de multiples d\u00e9veloppements (\u00e9ducation musicale des enfants, solf\u00e8ge, danse, th\u00e9\u00e2tre, th\u00e9rapie). L\u2019Institut Jaques-Dalcroze de Gen\u00e8ve, cr\u00e9\u00e9 en 1915, est le centre international de la rythmique et organise tous les 4 ans un Congr\u00e8s international. Pour en savoir plus, vous pouvez consulter les sites de l\u2019<a href=\"http:\/\/www.dalcroze.ch\/\" target=\"_blank\" rel=\"noopener noreferrer\">Institut Jaques-Dalcroze<\/a> et celui de la FIER, <a href=\"http:\/\/www.fier.com\/\" target=\"_blank\" rel=\"noopener noreferrer\">F\u00e9d\u00e9ration internationale des enseignants de rythmique<\/a>.<\/p>\n<p>[\/vc_column_text][\/vc_column][\/vc_row]<\/p>\n","protected":false},"excerpt":{"rendered":"<p>[vc_row][vc_column width=&#8221;1\/3&#8243;][vc_single_image image=&#8221;222&#8243; border_color=&#8221;grey&#8221; img_link_target=&#8221;_self&#8221; img_size=&#8221;full&#8221;][vc_column_text] Emile Jaques-Dalcroze, photo de Fr\u00e9d\u00e9ric Boissonnas, Gen\u00e8ve, date inconnue (vraisemblablement dans les ann\u00e9es 1918 \u00e0 1920). [\/vc_column_text][\/vc_column][vc_column width=&#8221;2\/3&#8243;][vc_column_text] Le&#8230;<\/p>\n<p class=\"readmore\"><a class=\"more-btn\" href=\"https:\/\/rythmique.ch\/newSite\/jaques-dalcroze\/\">Read More<\/a><\/p>\n","protected":false},"author":2,"featured_media":0,"parent":0,"menu_order":0,"comment_status":"closed","ping_status":"open","template":"","meta":{"footnotes":""},"class_list":["post-115","page","type-page","status-publish","hentry"],"_links":{"self":[{"href":"https:\/\/rythmique.ch\/newSite\/wp-json\/wp\/v2\/pages\/115","targetHints":{"allow":["GET"]}}],"collection":[{"href":"https:\/\/rythmique.ch\/newSite\/wp-json\/wp\/v2\/pages"}],"about":[{"href":"https:\/\/rythmique.ch\/newSite\/wp-json\/wp\/v2\/types\/page"}],"author":[{"embeddable":true,"href":"https:\/\/rythmique.ch\/newSite\/wp-json\/wp\/v2\/users\/2"}],"replies":[{"embeddable":true,"href":"https:\/\/rythmique.ch\/newSite\/wp-json\/wp\/v2\/comments?post=115"}],"version-history":[{"count":5,"href":"https:\/\/rythmique.ch\/newSite\/wp-json\/wp\/v2\/pages\/115\/revisions"}],"predecessor-version":[{"id":1953,"href":"https:\/\/rythmique.ch\/newSite\/wp-json\/wp\/v2\/pages\/115\/revisions\/1953"}],"wp:attachment":[{"href":"https:\/\/rythmique.ch\/newSite\/wp-json\/wp\/v2\/media?parent=115"}],"curies":[{"name":"wp","href":"https:\/\/api.w.org\/{rel}","templated":true}]}}