{"id":21,"date":"2015-01-04T14:57:43","date_gmt":"2015-01-04T14:57:43","guid":{"rendered":"http:\/\/rythmique.ch\/newSite\/?page_id=21"},"modified":"2026-01-10T16:53:53","modified_gmt":"2026-01-10T15:53:53","slug":"trouver-un-cours","status":"publish","type":"page","link":"https:\/\/rythmique.ch\/newSite\/trouver-un-cours\/","title":{"rendered":"Trouver un cours"},"content":{"rendered":"<p>[vc_row][vc_column][vc_column_text]<\/p>\r\n<div class=\"wp-block-group\"><div class=\"wp-block-group__inner-container\">\r\n<div class=\"wp-block-group__inner-container is-layout-flow wp-block-group-is-layout-flow\">\r\n<p>[\/vc_column_text][\/vc_column][\/vc_row][vc_row][vc_column][vc_tabs interval=&#8221;0&#8243;][vc_tab title=&#8221;Gen\u00e8ve&#8221; tab_id=&#8221;1420620824-1-82&#8243;][vc_row_inner][vc_column_inner width=&#8221;1\/3&#8243;]<div class=\"dt-service-elem content-left bold-fill\"><div class=\"dt-service-icon\"><i class=\"fa fa-music\"><\/i><\/div><div class=\"dt-service-content\"><h3 class=\"dt-service-title \">Institut Jaques-Dalcroze<\/h3><p><strong>Gen\u00e8ve<\/strong><\/p>\r\n<p>Cours enfant de 1 \u00e0 18 ans<br \/>Cours adulte de 18 \u00e0 65 ans<br \/>Cours seniors d\u00e8s 60 ans<\/p>\r\n<p><a href=\"mailto:info@dalcroze.ch\">contact<\/a><br \/><a href=\"http:\/\/www.dalcroze.ch\" target=\"_blank\" rel=\"noopener noreferrer\">www.dalcroze.ch<\/a><\/p><\/div><\/div>[\/vc_column_inner][vc_column_inner width=&#8221;1\/3&#8243;]<div class=\"dt-service-elem content-left bold-fill\"><div class=\"dt-service-icon\"><i class=\"fa fa-music\"><\/i><\/div><div class=\"dt-service-content\"><h3 class=\"dt-service-title \">TAMBO<\/h3><p><\/p>\r\n<p><strong>Gen\u00e8ve &#8211; Plan-Les-Ouates<\/strong><\/p>\r\n<p>Atelier mouvement Tambo rythmique<br \/>Enseignante: Viviane Grandjean<\/p>\r\n<p><a href=\"mailto:vgrandjean@bluewin.ch%20\">contact<\/a><\/p>\r\n<p><a href=\"http:\/\/rythmique.ch\/newSite\/wp-content\/uploads\/2025\/02\/Flyer-tambo-danse-dimanche-2024-25.pdf\" target=\"_blank\" rel=\"noopener\">plus d&#8217;info<\/a><\/p>\r\n<p><\/p><\/div><\/div>[\/vc_column_inner][vc_column_inner width=&#8221;1\/3&#8243;]<div class=\"dt-service-elem content-left bold-fill\"><div class=\"dt-service-icon\"><i class=\"fa fa-camera\"><\/i><\/div><div class=\"dt-service-content\"><h3 class=\"dt-service-title \">Tamiero<\/h3><p><\/p>\r\n<p><strong>Gen\u00e8ve<\/strong><\/p>\r\n<p><a href=\"http:\/\/tamiero.com\/accueil.html#stages\" target=\"_blank\" rel=\"noopener noreferrer\">Stages ponctuels<\/a><\/p>\r\n<p><a href=\"mailto:contact@tamiero.com\">contact<\/a><br \/><a href=\"http:\/\/www.tamiero.com\" target=\"_blank\" rel=\"noopener noreferrer\">www.tamiero.com<\/a><\/p>\r\n<p>&nbsp;<\/p>\r\n<p><\/p><\/div><\/div>[\/vc_column_inner][\/vc_row_inner][vc_row_inner][vc_column_inner width=&#8221;1\/3&#8243;][\/vc_column_inner][vc_column_inner width=&#8221;1\/3&#8243;][\/vc_column_inner][vc_column_inner width=&#8221;1\/3&#8243;][\/vc_column_inner][\/vc_row_inner][\/vc_tab][vc_tab title=&#8221;Vaud&#8221; tab_id=&#8221;1420620824-2-16&#8243;][vc_row_inner][vc_column_inner width=&#8221;1\/3&#8243;]<div class=\"dt-service-elem content-left bold-fill\"><div class=\"dt-service-icon\"><i class=\"fa fa-music\"><\/i><\/div><div class=\"dt-service-content\"><h3 class=\"dt-service-title \">Rythmique Seniors<\/h3><p><\/p>\r\n<p><strong>Brent &#8211; Montreux<\/strong><\/p>\r\n<p>Rythmique seniors d\u00e8s 60 ans<br \/>Enseignante: Florine D\u00e9riaz<br \/>Renseignements: 079 710 80 63<br \/><a href=\"mailto:florine.deriaz@ymail.com\">contact<\/a><\/p>\r\n<p><\/p><\/div><\/div>[\/vc_column_inner][vc_column_inner width=&#8221;1\/3&#8243;]<div class=\"dt-service-elem content-left bold-fill\"><div class=\"dt-service-icon\"><i class=\"fa fa-music\"><\/i><\/div><div class=\"dt-service-content\"><h3 class=\"dt-service-title \">Ecole de musique Lausanne<\/h3><p><\/p>\r\n<p><strong>Lausanne<\/strong><\/p>\r\n<div class=\"\">Eveil musical et corporel 1-2 ans<\/div>\r\n<div class=\"\">Rythmique parents-enfants 2-3 ans et \u00a03-4 ans<\/div>\r\n<div class=\"\">Rythmique Dalcroze sans le parent 3-4 ans<\/div>\r\n<div class=\"\">Initiation musicale Jaques-Dalcroze 4 \u00e0 6 ans<\/div>\r\n<div class=\"\">Rythmique-solf\u00e8ge 1 \u00e0 4 d\u00e8s 7 ans<\/div>\r\n<div class=\"\"><a href=\"mailto:m.reymond@em-l.ch\">Contact<\/a><\/div>\r\n<div class=\"\"><a href=\"mailto:info@em-l.ch\" target=\"_blank\" rel=\"noopener\">Renseignements<\/a><br \/><a href=\"http:\/\/www.em-l.ch\/\" target=\"_blank\" rel=\"noopener noreferrer\">www.em-l.ch<\/a><\/div>\r\n<p><\/p><\/div><\/div>[\/vc_column_inner][vc_column_inner width=&#8221;1\/3&#8243;]<div class=\"dt-service-elem content-left bold-fill\"><div class=\"dt-service-icon\"><i class=\"fa fa-music\"><\/i><\/div><div class=\"dt-service-content\"><h3 class=\"dt-service-title \">Ecole de rythmique-solf\u00e8ge de Nyon<\/h3><p><\/p>\r\n<p><strong>Nyon\u00a0<\/strong><\/p>\r\n<p>Rythmique seniors d\u00e8s 60 ans<br \/>Rue des Marchandises 17<br \/>aux Pr\u00e9ventions &#8211; mardi 11h00<br \/>Enseignante: Sylvie Rutschmann Hill<br \/>Renseignements: 079 486 09 06<\/p>\r\n<p><a href=\"mailto:info@rythmique-nyon.ch\" target=\"_blank\" rel=\"noopener\">contact<\/a><br \/><a href=\"http:\/\/www.rythmique-nyon.ch\" target=\"_blank\" rel=\"noopener noreferrer\">www.rythmique-nyon.ch<\/a><\/p>\r\n<p><\/p><\/div><\/div>[\/vc_column_inner][\/vc_row_inner][vc_row_inner][vc_column_inner width=&#8221;1\/3&#8243;]<div class=\"dt-service-elem content-left bold-fill\"><div class=\"dt-service-icon\"><i class=\"fa fa-music\"><\/i><\/div><div class=\"dt-service-content\"><h3 class=\"dt-service-title \">Vitamusic<\/h3><p><\/p>\r\n<p><strong>Vaud<\/strong><\/p>\r\n<p>Rythmique<br \/>Impro-piano<\/p>\r\n<p><a href=\"mailto:info@vitamusic.ch\">Contact<\/a><br \/><a href=\"https:\/\/www.vitamusic.ch\" target=\"_blank\" rel=\"noopener noreferrer\">www.vitamusic.ch<\/a><\/p>\r\n<p>&nbsp;<\/p>\r\n<p><\/p><\/div><\/div>[\/vc_column_inner][vc_column_inner width=&#8221;1\/3&#8243;]<div class=\"dt-service-elem content-left bold-fill\"><div class=\"dt-service-icon\"><i class=\"fa fa-music\"><\/i><\/div><div class=\"dt-service-content\"><h3 class=\"dt-service-title \">Rythmique Seniors<\/h3><p><\/p>\r\n<p><strong>Bussigny<\/strong><\/p>\r\n<div class=\"\">Cours de rythmique Seniors<\/div>\r\n<div class=\"\">Enseignante : Marlyse Narbel<\/div>\r\n<div class=\"\"><a href=\"mailto:info@espacesoladys.ch\">contact<\/a><\/div>\r\n<div class=\"\"><span style=\"color: #669c35;\"><a class=\"\" href=\"https:\/\/www.espacesoladys.ch\/rythmique-seniors.html\" target=\"_blank\" rel=\"noopener noreferrer\">www.espacesoladys.ch<\/a><\/span><\/div>\r\n<p><\/p><\/div><\/div>[\/vc_column_inner][vc_column_inner width=&#8221;1\/3&#8243;]<div class=\"dt-service-elem content-left bold-fill\"><div class=\"dt-service-icon\"><i class=\"fa fa-music\"><\/i><\/div><div class=\"dt-service-content\"><h3 class=\"dt-service-title \">Conservatoire de musique Montreux-Vevey-Riviera<\/h3><p><\/p>\r\n<p><strong>Vevey &#8211; Montreux<\/strong><\/p>\r\n<p>Initiation musicale et Rythmique<\/p>\r\n<p><a href=\"https:\/\/www.conservatoire.ch\/initiation-musicale\" target=\"_blank\" rel=\"noopener noreferrer\">www.conservatoire.ch<\/a><\/p>\r\n<p><\/p><\/div><\/div>[\/vc_column_inner][\/vc_row_inner][vc_row_inner][vc_column_inner width=&#8221;1\/3&#8243;]<div class=\"dt-service-elem content-left bold-fill\"><div class=\"dt-service-icon\"><i class=\"fa fa-camera\"><\/i><\/div><div class=\"dt-service-content\"><h3 class=\"dt-service-title \">Rythmique Enfants<\/h3><p><\/p>\r\n<div><strong>Vevey<\/strong><\/div>\r\n<div>\u00a0<\/div>\r\n<div>Eveil Musical parents-enfants de 1,5 \u00e0 4,5 ans<\/div>\r\n<div>Atelier Cr\u00e9atif Th\u00e9\u00e2tral &amp; Musical de 6 \u00e0 17 ans<\/div>\r\n<div><a href=\"mailto:myriam.tschumi32@gmail.com\">Contact<\/a><\/div>\r\n<div><a href=\"https:\/\/atelier-boite-a-musique.ch\" target=\"_blank\" rel=\"noopener\">L&#8217;Atelier La Bo\u00eete \u00e0 Musique<\/a><\/div>\r\n<p>&nbsp;<\/p>\r\n<p><\/p><\/div><\/div>[\/vc_column_inner][vc_column_inner width=&#8221;1\/3&#8243;]<div class=\"dt-service-elem content-left bold-fill\"><div class=\"dt-service-icon\"><i class=\"fa fa-music\"><\/i><\/div><div class=\"dt-service-content\"><h3 class=\"dt-service-title \">Rythmique enfants<\/h3><p><\/p>\r\n<div><strong>Lutry<\/strong><\/div>\r\n<div>\u00a0<\/div>\r\n<div>CLEM &#8211; Cercle l\u00e9manique d&#8217;\u00e9tudes musicales<\/div>\r\n<div>Initiation musicale Jaques-Dalcroze<\/div>\r\n<div>I, II, III (1P \u00e0 3P) lundi d\u00e8s 16h Enseignant: Val\u00e9ry Michel<\/div>\r\n<div><a href=\"mailto:info@clem.ch\">Contact<\/a><\/div>\r\n<div><a href=\"https:\/\/clem.ch\/\" target=\"_blank\" rel=\"noopener\">www.clem.ch<\/a><\/div>\r\n<div>021 791 46 66<\/div>\r\n<p>&nbsp;<\/p>\r\n<p><\/p><\/div><\/div>[\/vc_column_inner][vc_column_inner width=&#8221;1\/3&#8243;]<div class=\"dt-service-elem content-left bold-fill\"><div class=\"dt-service-icon\"><i class=\"fa fa-music\"><\/i><\/div><div class=\"dt-service-content\"><h3 class=\"dt-service-title \">Expression danse seniors<\/h3><p><\/p>\r\n<p><strong>Lausanne<\/strong><\/p>\r\n<div class=\"\">Cours d&#8217;expression danse pour 60ans et plus<\/div>\r\n<div class=\"\">Enseignante : Monique Bosshard Renseignements: 021 903 23 72 et 078 796 96 36<\/div>\r\n<div class=\"\"><a href=\"mailto:monique.bosshard@hotmail.com\">contact<\/a><\/div>\r\n<p>&nbsp;<\/p>\r\n<p>&nbsp;<\/p>\r\n<p><\/p><\/div><\/div>[\/vc_column_inner][\/vc_row_inner][vc_row_inner][vc_column_inner width=&#8221;1\/3&#8243;]<div class=\"dt-service-elem content-left bold-fill\"><div class=\"dt-service-icon\"><i class=\"fa fa-music\"><\/i><\/div><div class=\"dt-service-content\"><h3 class=\"dt-service-title \">Rythmique enfants et Rythmique Seniors<\/h3><p><\/p>\r\n<p><strong>Pully<\/strong><\/p>\r\n<p>Cours d&#8217;initiation I, II et III pour les enfants de 1P \u00e0 3P mardi apr\u00e8s-midi.<\/p>\r\n<p>Eglise du Coteau, rue du Coteau 3\u00a0Renseignements:<\/p>\r\n<p>021 721 36 61<\/p>\r\n<p><a href=\"mailto:emp@pully.ch\">Contact<\/a><br \/><a href=\"https:\/\/empully.ch\/\" target=\"_blank\" rel=\"noopener\">Ecole de musique Pully<\/a><\/p>\r\n<p>&nbsp;<\/p>\r\n<p>&nbsp;<\/p>\r\n<p><\/p><\/div><\/div>[\/vc_column_inner][vc_column_inner width=&#8221;1\/3&#8243;]<div class=\"dt-service-elem content-left bold-fill\"><div class=\"dt-service-icon\"><i class=\"fa fa-music\"><\/i><\/div><div class=\"dt-service-content\"><h3 class=\"dt-service-title \">Rythmique Seniors<\/h3><p><\/p>\r\n<p><strong>Renens<\/strong><\/p>\r\n<p>Cours organis\u00e9 par la Ligue vaudoise contre le rhumatisme<br \/>Horaire: jeudi de 11h00 \u00e0 11h50<\/p>\r\n<p>Renseignements:\u00a0021 623 37 07<br \/>Enseignante:\u00a0V\u00e9ronique Friderici<br \/><a href=\"mailto:veronique@friderici.ch\" target=\"_blank\" rel=\"noopener noreferrer\">Contact<\/a><\/p>\r\n<p><\/p><\/div><\/div>[\/vc_column_inner][vc_column_inner width=&#8221;1\/3&#8243;]<div class=\"dt-service-elem content-left bold-fill\"><div class=\"dt-service-icon\"><i class=\"fa fa-music\"><\/i><\/div><div class=\"dt-service-content\"><h3 class=\"dt-service-title \">Rythmique Seniors<\/h3><p><\/p>\r\n<p><strong>Lausanne<\/strong><\/p>\r\n<div>\r\n<div class=\"\">Cours organis\u00e9 par l\u2019Ecole de musique de Lausanne<\/div>\r\n<div class=\"\">Horaire: jeudi \u00e0 14h et 15h et vendredi \u00e0 9h15 et 10h15<\/div>\r\n<div class=\"\">\u00a0<\/div>\r\n<div class=\"\">Enseignante: Arielle Zaugg Brunner 021 646 25 56<\/div>\r\n<\/div>\r\n<div class=\"\"><a class=\"\" href=\"http:\/\/www.em-l.ch\/\" target=\"_blank\" rel=\"noopener noreferrer\">www.em-l.ch<\/a><\/div>\r\n<p><\/p><\/div><\/div>[\/vc_column_inner][\/vc_row_inner][vc_row_inner][vc_column_inner width=&#8221;1\/3&#8243;]<div class=\"dt-service-elem content-left bold-fill\"><div class=\"dt-service-icon\"><i class=\"fa fa-music\"><\/i><\/div><div class=\"dt-service-content\"><h3 class=\"dt-service-title \">Rythmique Seniors<\/h3><p><\/p>\r\n<div><strong>Yverdon<\/strong><\/div>\r\n<div>\u00a0<\/div>\r\n<div><b>Rythmique seniors<\/b><b><br \/><\/b>Salle de paroisse lundi 14h30<\/div>\r\n<div>Enseignante: Fran\u00e7oise Clerc<\/div>\r\n<div>Renseignements: 079 783 70 09<\/div>\r\n<div><a href=\"mailto:frclerc2@bluewin.ch\" target=\"_blank\" rel=\"noopener\">Contact<\/a><\/div>\r\n<p>&nbsp;<\/p>\r\n<p><\/p><\/div><\/div>[\/vc_column_inner][vc_column_inner width=&#8221;1\/3&#8243;]<div class=\"dt-service-elem content-left bold-fill\"><div class=\"dt-service-icon\"><i class=\"fa fa-music\"><\/i><\/div><div class=\"dt-service-content\"><h3 class=\"dt-service-title \">Rythmique enfants et rythmique seniors<\/h3><p><\/p>\r\n<div><strong>Cossonay<\/strong><\/div>\r\n<div>\u00a0<\/div>\r\n<div>Eveil musical 2-3 ans<br \/>Initiation musicale 1-3P<br \/>Rythmique Seniors 65+<\/div>\r\n<div><a href=\"mailto:info@musicoss.ch\" target=\"_blank\" rel=\"noopener\">Contact<\/a><\/div>\r\n<div><a class=\"moz-txt-link-abbreviated\" href=\"http:\/\/www.musicoss.org\/\" target=\"_blank\" rel=\"noopener\">www.musicoss.org<\/a><\/div>\r\n<p>&nbsp;<\/p>\r\n<p><\/p><\/div><\/div>[\/vc_column_inner][vc_column_inner width=&#8221;1\/3&#8243;]<div class=\"dt-service-elem content-left bold-fill\"><div class=\"dt-service-icon\"><i class=\"fa fa-music\"><\/i><\/div><div class=\"dt-service-content\"><h3 class=\"dt-service-title \">rythmique seniors<\/h3><p><\/p>\r\n<div class=\"\">\r\n<div><strong>Chavornay<\/strong><\/div>\r\n<div>\u00a0<\/div>\r\n<div><b>Rythmique seniors<\/b><b><br \/><\/b>Salle de paroisse jeudi 9h15<\/div>\r\n<div>Enseignante: Magali Ibram<\/div>\r\n<div>Renseignements: 079 722 70 17<\/div>\r\n<div><a href=\"mailto:amibram@bluewin.ch\" target=\"_blank\" rel=\"noopener\">Contact<\/a><\/div>\r\n<div>\u00a0<\/div>\r\n<\/div>\r\n<p><\/p><\/div><\/div>[\/vc_column_inner][\/vc_row_inner][\/vc_tab][vc_tab title=&#8221;Neuch\u00e2tel&#8221; tab_id=&#8221;1420620967952-2-0&#8243;][vc_row_inner][vc_column_inner width=&#8221;1\/3&#8243;]<div class=\"dt-service-elem content-left bold-fill\"><div class=\"dt-service-icon\"><i class=\"fa fa-music\"><\/i><\/div><div class=\"dt-service-content\"><h3 class=\"dt-service-title \">Conservatoire de musique neuch\u00e2telois<\/h3><p><\/p>\r\n<p><strong>Neuch\u00e2tel<\/strong><\/p>\r\n<p>Rythmique parent-enfant<br \/>Rythmique enfant<br \/>Rythmique seniors d\u00e8s 60 ans<\/p>\r\n<p>Enseignantes: <a href=\"mailto:Catherine.Oppliger@rpn.ch\" target=\"_blank\" rel=\"noopener noreferrer\">Catherine Oppliger<\/a> et <a href=\"mailto:anouchka.kleiner@bluewin.ch\" target=\"_blank\" rel=\"noopener noreferrer\">Anouchka Lejeune<\/a><\/p>\r\n<p><a href=\"mailto:conservatoire@ne.ch\">contact<\/a><br \/><a href=\"http:\/\/www.cmne.ch\" target=\"_blank\" rel=\"noopener noreferrer\">www.cmne.ch<\/a><\/p>\r\n<p><\/p><\/div><\/div>[\/vc_column_inner][vc_column_inner width=&#8221;1\/3&#8243;]<div class=\"dt-service-elem content-left bold-fill\"><div class=\"dt-service-icon\"><i class=\"fa fa-music\"><\/i><\/div><div class=\"dt-service-content\"><h3 class=\"dt-service-title \">Conservatoire de musique neuch\u00e2telois<\/h3><p><\/p>\r\n<p><strong>La-Chaux-de-Fonds<\/strong><\/p>\r\n<p>Rythmique parent-enfant<br \/>Rythmique enfant<br \/>Rythmique seniors d\u00e8s 60 ans<\/p>\r\n<p>Enseignante: <a href=\"mailto:Angela.Valazza@rpn.ch\">Angela Valazza<\/a><\/p>\r\n<p><a href=\"mailto:conservatoire@ne.ch\">contact<\/a><\/p>\r\n<p><a href=\"http:\/\/www.cmne.ch\" target=\"_blank\" rel=\"noopener noreferrer\">www.cmne.ch<\/a><\/p>\r\n<p>&nbsp;<\/p>\r\n<p><\/p><\/div><\/div>[\/vc_column_inner][vc_column_inner width=&#8221;1\/3&#8243;]<div class=\"dt-service-elem content-left bold-fill\"><div class=\"dt-service-icon\"><i class=\"fa fa-camera\"><\/i><\/div><div class=\"dt-service-content\"><h3 class=\"dt-service-title \">Conservatoire de musique neuch\u00e2telois<\/h3><p><\/p>\r\n<p><strong>Saint-Aubin<\/strong><\/p>\r\n<p>Rythmique seniors<\/p>\r\n<p>Enseignante: <a href=\"mailto:Angela.Valazza@rpn.ch\">Angela Valazza<\/a><\/p>\r\n<p><a href=\"mailto:conservatoire@ne.ch\">Contact<\/a><\/p>\r\n<p><a href=\"https:\/\/www.cmne.ch\/offres\/rythmique-seniors\" target=\"_blank\" rel=\"noopener\">www.cmne.ch<\/a><\/p>\r\n<p><\/p><\/div><\/div>[\/vc_column_inner][\/vc_row_inner][\/vc_tab][vc_tab title=&#8221;Valais&#8221; tab_id=&#8221;1425834720244-3-0&#8243;][vc_row_inner][vc_column_inner width=&#8221;1\/3&#8243;]<div class=\"dt-service-elem content-left bold-fill\"><div class=\"dt-service-icon\"><i class=\"fa fa-music\"><\/i><\/div><div class=\"dt-service-content\"><h3 class=\"dt-service-title \">Conservatoire cantonal<\/h3><p><strong>Sion et Sierre<\/strong><\/p>\r\n<p>Initiation musicale aux enfants de 3 \u00e0 7 ans.<br \/>Directeur : Mr Thierry Debons<\/p>\r\n<p><a href=\"mailto:rossiergaspoz@netplus.ch\">Contact<\/a><br \/><a href=\"http:\/\/www.conservatoirevs.ch\/\" target=\"_blank\" rel=\"noopener noreferrer\">www.conservatoirevs.ch<\/a><\/p><\/div><\/div>[\/vc_column_inner][vc_column_inner width=&#8221;1\/3&#8243;]<div class=\"dt-service-elem content-left bold-fill\"><div class=\"dt-service-icon\"><i class=\"fa fa-music\"><\/i><\/div><div class=\"dt-service-content\"><h3 class=\"dt-service-title \">L'\u00e9cho des Glaciers<\/h3><p><strong>Vex<\/strong><\/p>\r\n<p>Ecole de musique de la fanfare<br \/>Initiation musicale aux enfants de 3 \u00e0 7 ans. Organisatrice des cours : Mme Carole Rudaz<\/p>\r\n<p><a href=\"mailto:rossiergaspoz@netplus.ch\">Contact<\/a><br \/><a href=\"http:\/\/www.echodesglaciers.ch\" target=\"_blank\" rel=\"noopener noreferrer\">www.echodesglaciers.ch<\/a><\/p><\/div><\/div>[\/vc_column_inner][vc_column_inner width=&#8221;1\/3&#8243;]<div class=\"dt-service-elem content-left bold-fill\"><div class=\"dt-service-icon\"><i class=\"fa fa-music\"><\/i><\/div><div class=\"dt-service-content\"><h3 class=\"dt-service-title \">Vitamusic<\/h3><p><\/p>\r\n<p><strong>Bas-Valais<\/strong><\/p>\r\n<p>Rythmique<br \/>Impro-piano<\/p>\r\n<p><a href=\"mailto:fabiennerom@hotmail.com\">Contact<\/a><br \/><a href=\"https:\/\/www.vitamusic.ch\" target=\"_blank\" rel=\"noopener noreferrer\">www.vitamusic.ch<\/a><\/p>\r\n<p><\/p><\/div><\/div>[\/vc_column_inner][\/vc_row_inner][vc_row_inner][vc_column_inner width=&#8221;1\/3&#8243;][\/vc_column_inner][vc_column_inner width=&#8221;1\/3&#8243;][\/vc_column_inner][vc_column_inner width=&#8221;1\/3&#8243;][\/vc_column_inner][\/vc_row_inner][\/vc_tab][vc_tab title=&#8221;Fribourg&#8221; tab_id=&#8221;1427059322300-4-0&#8243;][vc_row_inner][vc_column_inner width=&#8221;1\/2&#8243;]<div class=\"dt-service-elem content-left bold-fill\"><div class=\"dt-service-icon\"><i class=\"fa fa-music\"><\/i><\/div><div class=\"dt-service-content\"><h3 class=\"dt-service-title \">Tamiero<\/h3><p><strong>Fribourg<\/strong><\/p>\r\n<p><a href=\"http:\/\/tamiero.com\/accueil.html#stages\" target=\"_blank\" rel=\"noopener noreferrer\">Stages ponctuels<\/a><\/p>\r\n<p><a href=\"mailto:contact@tamiero.com\">contact<\/a><br \/><a href=\"http:\/\/www.tamiero.com\" target=\"_blank\" rel=\"noopener noreferrer\">www.tamiero.com<\/a><\/p><\/div><\/div>[\/vc_column_inner][vc_column_inner width=&#8221;1\/2&#8243;][\/vc_column_inner][\/vc_row_inner][\/vc_tab][vc_tab title=&#8221;Jura&#8221; tab_id=&#8221;1688561388591-7-10&#8243;][vc_row_inner][vc_column_inner width=&#8221;1\/2&#8243;]<div class=\"dt-service-elem content-left bold-fill\"><div class=\"dt-service-icon\"><i class=\"fa fa-music\"><\/i><\/div><div class=\"dt-service-content\"><h3 class=\"dt-service-title \">Del\u00e9mont<\/h3><p><\/p>\r\n<p>Rythmique Seniors<\/p>\r\n<p>Enseignante: Christelle Brahier<\/p>\r\n<p>Ecole Jurassienne et Conservatoire de Musique<br \/>La Promenade 6<br \/>Renseignements: 032 422 11 35<br \/><a href=\"mailto:secretariat@ejcm.ch\" target=\"_blank\" rel=\"noopener\">contact<\/a><\/p>\r\n<p><a href=\"https:\/\/www.ejcm.ch\/instruments-ejcm\/rythmique-seniors.html\" target=\"_blank\" rel=\"noopener\">www.ejcm.ch<\/a><\/p>\r\n<p><\/p><\/div><\/div>[\/vc_column_inner][vc_column_inner width=&#8221;1\/2&#8243;]<div class=\"dt-service-elem content-left bold-fill\"><div class=\"dt-service-icon\"><i class=\"fa fa-music\"><\/i><\/div><div class=\"dt-service-content\"><h3 class=\"dt-service-title \">Porrentruy<\/h3><p><\/p>\r\n<p>Rythmique Seniors<\/p>\r\n<p>Enseignante: Christelle Brahier<\/p>\r\n<p>Ecole Jurassienne et Conservatoire de Musique<br \/>La Promenade 6<br \/>Renseignements: 032 422 11 35<br \/><a href=\"mailto:secretariat@ejcm.ch\" target=\"_blank\" rel=\"noopener\">contact<\/a><\/p>\r\n<p><a href=\"https:\/\/www.ejcm.ch\/instruments-ejcm\/rythmique-seniors.html\" target=\"_blank\" rel=\"noopener\">www.ejcm.ch<\/a><\/p>\r\n<p><\/p><\/div><\/div>[\/vc_column_inner][\/vc_row_inner][\/vc_tab][vc_tab title=&#8221;Cours Seniors&#8221; tab_id=&#8221;1439999029122-7-1&#8243;][vc_row_inner][vc_column_inner][vc_column_text]Cours de rythmique pour les Seniors en Suisse Romande:[\/vc_column_text][\/vc_column_inner][\/vc_row_inner][vc_row_inner][vc_column_inner width=&#8221;1\/3&#8243;]<div class=\"customlist list-icon-fa-music\"><\/p>\r\n<ul>\r\n<li><strong>Brent<\/strong>\u00a0<strong>\/ Montreux<\/strong><\/li>\r\n<li><strong>Chavornay<\/strong><\/li>\r\n<li><strong>Cossonay<\/strong><\/li>\r\n<li><strong>Del\u00e9mont<\/strong><\/li>\r\n<li><strong>Gen\u00e8ve<\/strong><\/li>\r\n<li><strong>La Chaux-de-Fonds<\/strong><\/li>\r\n<li><strong>Lausanne<\/strong><\/li>\r\n<li><strong>Lausanne<\/strong><\/li>\r\n<li><strong>Lausanne<\/strong><\/li>\r\n<li><strong>Les Paccots<\/strong><\/li>\r\n<li><strong>Neuch\u00e2tel<\/strong><\/li>\r\n<li><strong>Nyon<\/strong><\/li>\r\n<li><strong>Porrentruy<\/strong><\/li>\r\n<li><strong>Renens<\/strong><\/li>\r\n<li><strong>Saint-Aubin<\/strong><\/li>\r\n<li><strong>Yverdon-les-Bains<\/strong><\/li>\r\n<\/ul>\r\n<p><\/div>[\/vc_column_inner][vc_column_inner width=&#8221;1\/3&#8243;]<div class=\"customlist list-icon-fa-angle right\"><\/p>\r\n<ul>\r\n<li>Enseignante: <a href=\"mailto:florine.deriaz@ymail.com\">Florine D\u00e9riaz<\/a><\/li>\r\n<li>Enseignante: <a href=\"mailto:amibram@bluewin.ch\">Magali Ibram<\/a><\/li>\r\n<li>Enseignante: <a href=\"mailto:noemiederham@gmail.com\">No\u00e9mie De Rham<\/a><\/li>\r\n<li>Enseignante: <a href=\"mailto:challimann@hotmail.com\" target=\"_blank\" rel=\"noopener\">Christelle Brahier<\/a><\/li>\r\n<li>Renseignements: <a href=\"mailto:info-seniors@dalcroze.ch\">Juliette Pont<\/a><\/li>\r\n<li>Renseignements: <a href=\"mailto:Angela.Valazza@rpn.ch\" target=\"_blank\" rel=\"noopener noreferrer\">Angela Valazza<\/a><\/li>\r\n<li>Enseignante: <a href=\"mailto:arpe@sunrise.ch\" target=\"_blank\" rel=\"noopener noreferrer\">Arielle Zaugg\u00a0Brunner<\/a><\/li>\r\n<li>Enseignante: <a href=\"mailto:monique.bosshard@hotmail.com\">Monique Bosshard<\/a><\/li>\r\n<li>Enseignante: <a href=\"mailto:info@espacesoladys.ch\" target=\"_blank\" rel=\"noopener noreferrer\">Marlyse Narbel<\/a><\/li>\r\n<li>Enseignante: <a href=\"mailto:fabiennerom@hotmail.com\">Fabienne Romailler<\/a><\/li>\r\n<li>Enseignante: <a href=\"mailto:catherine.oppliger@rpn.ch\">Catherine Oppliger<\/a><\/li>\r\n<li>Enseignante: <a href=\"mailto:info@rythmique-nyon.ch\">Sylvie Rutschmann Hill<\/a><\/li>\r\n<li>Enseignante: <a href=\"mailto:challimann@hotmail.com\" target=\"_blank\" rel=\"noopener\">Christelle Brahier<\/a><\/li>\r\n<li>Enseignante: <a href=\"mailto:veronique@friderici.ch\" target=\"_blank\" rel=\"noopener noreferrer\">V\u00e9ronique Friderici<\/a><\/li>\r\n<li>Enseignante: <a href=\"mailto:Angela.Valazza@rpn.ch\">Angela Valazza<\/a><\/li>\r\n<li>Enseignante: <a href=\"mailto:frclerc2@bluewin.ch\">Fran\u00e7oise Clerc<\/a><\/li>\r\n<\/ul>\r\n<p><\/div>[\/vc_column_inner][vc_column_inner width=&#8221;1\/3&#8243;]<div class=\"customlist list-icon-fa-angle right\"><\/p>\r\n<ul>\r\n<li><span lang=\"DE\">0<\/span>79 710 80 63<\/li>\r\n<li>079 722 70 17<\/li>\r\n<li><a href=\"https:\/\/musicoss.org\/cours\/rythmique-senior-65\/\" target=\"_blank\" rel=\"noopener\">www.musicoss.org<\/a><\/li>\r\n<li>032 422 11 35<\/li>\r\n<li><a href=\"https:\/\/www.dalcroze.ch\/ijd-rythmique\/rythmique-sante\/#ancre1\" target=\"_blank\" rel=\"noopener noreferrer\">www.dalcroze.ch<\/a><\/li>\r\n<li><a href=\"https:\/\/www.cmne.ch\/offres\/rythmique-seniors\" target=\"_blank\" rel=\"noopener noreferrer\">www.cmne.ch<\/a><\/li>\r\n<li><a class=\"\" href=\"http:\/\/www.em-l.ch\/\" target=\"_blank\" rel=\"noopener noreferrer\">www.em-l.ch<\/a><\/li>\r\n<li>021 903 23 72 et 078 796 96 36<\/li>\r\n<li><a href=\"http:\/\/\u200bwww.espacesoladys.ch\" target=\"_blank\" rel=\"noopener noreferrer\">\u200bwww.espacesoladys.ch<\/a><\/li>\r\n<li><a href=\"http:\/\/www.vitamusic.ch\" target=\"_blank\" rel=\"noopener noreferrer\">www.vitamusic.ch<\/a><\/li>\r\n<li><a href=\"https:\/\/www.cmne.ch\/offres\/rythmique-seniors\" target=\"_blank\" rel=\"noopener noreferrer\">www.cmne.ch<\/a><\/li>\r\n<li><a href=\"http:\/\/www.rythmique-nyon.ch\/senior\" target=\"_blank\" rel=\"noopener noreferrer\">www.rythmique-nyon.ch<\/a><\/li>\r\n<li>032 422 11 35<\/li>\r\n<li>021 623 37 07<\/li>\r\n<li><a href=\"https:\/\/www.cmne.ch\/offres\/rythmique-seniors\" target=\"_blank\" rel=\"noopener noreferrer\">www.cmne.ch<\/a><\/li>\r\n<li>079 783 70 09<\/li>\r\n<\/ul>\r\n<p><\/div>[\/vc_column_inner][\/vc_row_inner][\/vc_tab][\/vc_tabs][\/vc_column][\/vc_row][vc_row][vc_column][vc_column_text]<\/p>\r\n<p>[\/vc_column_text][\/vc_column][\/vc_row][vc_row][vc_column][vc_column_text]<\/p>\r\n<\/div>\r\n<\/div><\/div>\r\n<p>[\/vc_column_text][\/vc_column][\/vc_row]<\/p>","protected":false},"excerpt":{"rendered":"<p>[vc_row][vc_column][vc_column_text][\/vc_column_text][\/vc_column][\/vc_row][vc_row][vc_column][vc_tabs interval=&#8221;0&#8243;][vc_tab title=&#8221;Gen\u00e8ve&#8221; tab_id=&#8221;1420620824-1-82&#8243;][vc_row_inner][vc_column_inner width=&#8221;1\/3&#8243;][\/vc_column_inner][vc_column_inner width=&#8221;1\/3&#8243;][\/vc_column_inner][vc_column_inner width=&#8221;1\/3&#8243;][\/vc_column_inner][\/vc_row_inner][vc_row_inner][vc_column_inner width=&#8221;1\/3&#8243;][\/vc_column_inner][vc_column_inner width=&#8221;1\/3&#8243;][\/vc_column_inner][vc_column_inner width=&#8221;1\/3&#8243;][\/vc_column_inner][\/vc_row_inner][\/vc_tab][vc_tab title=&#8221;Vaud&#8221; tab_id=&#8221;1420620824-2-16&#8243;][vc_row_inner][vc_column_inner width=&#8221;1\/3&#8243;][\/vc_column_inner][vc_column_inner width=&#8221;1\/3&#8243;][\/vc_column_inner][vc_column_inner width=&#8221;1\/3&#8243;][\/vc_column_inner][\/vc_row_inner][vc_row_inner][vc_column_inner width=&#8221;1\/3&#8243;][\/vc_column_inner][vc_column_inner width=&#8221;1\/3&#8243;][\/vc_column_inner][vc_column_inner width=&#8221;1\/3&#8243;][\/vc_column_inner][\/vc_row_inner][vc_row_inner][vc_column_inner width=&#8221;1\/3&#8243;][\/vc_column_inner][vc_column_inner width=&#8221;1\/3&#8243;][\/vc_column_inner][vc_column_inner width=&#8221;1\/3&#8243;][\/vc_column_inner][\/vc_row_inner][vc_row_inner][vc_column_inner width=&#8221;1\/3&#8243;][\/vc_column_inner][vc_column_inner width=&#8221;1\/3&#8243;][\/vc_column_inner][vc_column_inner width=&#8221;1\/3&#8243;][\/vc_column_inner][\/vc_row_inner][vc_row_inner][vc_column_inner width=&#8221;1\/3&#8243;][\/vc_column_inner][vc_column_inner&#8230;<\/p>\n<p class=\"readmore\"><a class=\"more-btn\" href=\"https:\/\/rythmique.ch\/newSite\/trouver-un-cours\/\">Read More<\/a><\/p>\n","protected":false},"author":2,"featured_media":0,"parent":0,"menu_order":0,"comment_status":"closed","ping_status":"open","template":"","meta":{"footnotes":""},"class_list":["post-21","page","type-page","status-publish","hentry"],"_links":{"self":[{"href":"https:\/\/rythmique.ch\/newSite\/wp-json\/wp\/v2\/pages\/21","targetHints":{"allow":["GET"]}}],"collection":[{"href":"https:\/\/rythmique.ch\/newSite\/wp-json\/wp\/v2\/pages"}],"about":[{"href":"https:\/\/rythmique.ch\/newSite\/wp-json\/wp\/v2\/types\/page"}],"author":[{"embeddable":true,"href":"https:\/\/rythmique.ch\/newSite\/wp-json\/wp\/v2\/users\/2"}],"replies":[{"embeddable":true,"href":"https:\/\/rythmique.ch\/newSite\/wp-json\/wp\/v2\/comments?post=21"}],"version-history":[{"count":365,"href":"https:\/\/rythmique.ch\/newSite\/wp-json\/wp\/v2\/pages\/21\/revisions"}],"predecessor-version":[{"id":2633,"href":"https:\/\/rythmique.ch\/newSite\/wp-json\/wp\/v2\/pages\/21\/revisions\/2633"}],"wp:attachment":[{"href":"https:\/\/rythmique.ch\/newSite\/wp-json\/wp\/v2\/media?parent=21"}],"curies":[{"name":"wp","href":"https:\/\/api.w.org\/{rel}","templated":true}]}}