{"id":23,"date":"2015-01-04T14:58:11","date_gmt":"2015-01-04T14:58:11","guid":{"rendered":"http:\/\/rythmique.ch\/newSite\/?page_id=23"},"modified":"2025-10-02T05:46:05","modified_gmt":"2025-10-02T04:46:05","slug":"publications","status":"publish","type":"page","link":"https:\/\/rythmique.ch\/newSite\/publications\/","title":{"rendered":"Publications"},"content":{"rendered":"<p>[vc_row][vc_column][vc_tabs][vc_tab title=&#8221;CD&#8221; tab_id=&#8221;1424797929-2-41&#8243;][vc_row_inner][vc_column_inner width=&#8221;1\/3&#8243;][vc_single_image image=&#8221;325&#8243; img_size=&#8221;medium&#8221;][vc_column_text]<\/p>\n<h3>Et Pan dans l&#8217;Emile<\/h3>\n<p><strong>Douze chansons d&#8217;Emile Jaques-Dalcroze\u00a0<\/strong>d\u00e9tourn\u00e9es et r\u00e9arrang\u00e9es par Pascal Chenu, Olivier Rogg et Laurent Sourisse. Fr. 25.-<br \/>\n<a href=\"http:\/\/www.editionspapillon.ch\/index.php\/component\/content\/article\/7-compositeurs\/partitions\/210-et-pan-dans-l-emile\" target=\"_blank\" rel=\"noopener noreferrer\">Plus d&#8217;informations<\/a><br \/>\n<a href=\"http:\/\/rythmique.ch\/newSite\/wp-content\/uploads\/2015\/02\/Com.Et_.pan_.Emile_.pdf\" target=\"_blank\" rel=\"noopener noreferrer\">Commander<\/a>[\/vc_column_text][\/vc_column_inner][vc_column_inner width=&#8221;1\/3&#8243;][vc_single_image image=&#8221;582&#8243; img_size=&#8221;medium&#8221;][vc_column_text]<\/p>\n<h3>Bo\u00eete magique<\/h3>\n<p><span style=\"line-height: 1.5;\">Carole Willener nous propose 15 chansons rafraichissantes qui puisent leur inspiration dans l&#8217;imaginaire et le quotidien de l&#8217;enfance.<\/span><\/p>\n<p><a href=\"http:\/\/www.sympaphonie.com\/boutique\/details.asp?ID=7897\" target=\"_blank\" rel=\"noopener noreferrer\">Commander en Suisse<\/a><\/p>\n<p><a href=\"https:\/\/www.lugdivine.com\/instruments\/les-grandes-marques\/results,1-12,18,24,100?keyword=la+boite+magique&amp;limitstart=0&amp;option=com_virtuemart&amp;view=category&amp;virtuemart_category_id=0&amp;Itemid=3200\" target=\"_blank\" rel=\"noopener noreferrer\">Commander En France<\/a>[\/vc_column_text][\/vc_column_inner][vc_column_inner width=&#8221;1\/3&#8243;][vc_single_image image=&#8221;583&#8243; img_size=&#8221;medium&#8221;][vc_column_text]<\/p>\n<h3>Le tango des chapeaux<\/h3>\n<p><span style=\"line-height: 1.5;\">Carole Willener nous propose 15 chansons rafraichissantes qui puisent leur inspiration dans l&#8217;imaginaire et le quotidien de l&#8217;enfance.<\/span><\/p>\n<p><a href=\"http:\/\/www.lugdivine.com\/index.php?keyword=tango+des+chapeaux&amp;limitstart=0&amp;option=com_virtuemart&amp;view=category\" target=\"_blank\" rel=\"noopener noreferrer\">Commander En France<\/a>[\/vc_column_text][\/vc_column_inner][\/vc_row_inner][vc_row_inner][vc_column_inner width=&#8221;1\/3&#8243;][vc_single_image image=&#8221;626&#8243; img_size=&#8221;medium&#8221;][vc_column_text]<small><big>Les chansons de cet ouvrage s&#8217;adressent aux enfants d\u00e8s 4 ans.\u00a0<\/big><\/small><small><big>M\u00e9lodies et chansons vous entra\u00eeneront sur le chemin de la limace, du cochon,\u00a0<\/big><\/small><small><big>des oies,\u00a0et d&#8217;une ribambelle d&#8217;autres&#8230; Zanimo.<\/big><\/small><\/p>\n<p><a href=\"mailto:caroline.derham@jpnet.ch\" target=\"_blank\" rel=\"noopener\">commander<\/a>[\/vc_column_text][\/vc_column_inner][vc_column_inner width=&#8221;1\/3&#8243;][vc_single_image image=&#8221;635&#8243; img_size=&#8221;medium&#8221;][vc_column_text]<\/p>\n<h3>Amuse-Bouches<\/h3>\n<p>Christine Croset et Catherine Oppliger Mercado<\/p>\n<p>Partant de th\u00e8mes touchant au quotidien et aux pr\u00e9occupations des enfants, les 30 chansons se veulent simples et faciles d\u2019acc\u00e8s. Leur but: \u00abamuser les bouches\u00bb, mais aussi permettre de jouer avec ces m\u00e9lodies, d\u2019y associer des activit\u00e9s corporelles, des jeux de voix et de langage.<\/p>\n<p><a href=\"https:\/\/www.editionslep.ch\/catalogsearch\/result\/?q=amuse+bouche\" target=\"_blank\" rel=\"noopener noreferrer\">Commander<\/a>[\/vc_column_text][\/vc_column_inner][vc_column_inner width=&#8221;1\/3&#8243;][vc_single_image image=&#8221;647&#8243; img_size=&#8221;medium&#8221;][vc_column_text]<\/p>\n<h3>Amuse-Bouches &#8211; Les Saisons<\/h3>\n<p>Christine Croset, Catherine Oppliger Mercado et Catherine Louis<\/p>\n<p>Destin\u00e9 aux enfants d\u00e8s 3 ans, Amuse-Bouches invite au plaisir de chanter. A leurs \u00e9ducateurs, il propose aussi de nombreuses activit\u00e9s con\u00e7ues pour soutenir les premiers apprentissages, ainsi que des suggestions pour l&#8217;expression vocale et musicale.<br \/>\nLe CD audio inclus dans ce recueil contient les chansons in\u00e9dites en versions interpr\u00e9t\u00e9e et orchestrale ainsi que les prolongements par des jeux sonores.<\/p>\n<p><a href=\"https:\/\/www.editionslep.ch\/catalogsearch\/result\/?q=amuse+bouche\" target=\"_blank\" rel=\"noopener noreferrer\">Commander<\/a>[\/vc_column_text][\/vc_column_inner][\/vc_row_inner][vc_row_inner][vc_column_inner width=&#8221;1\/3&#8243;][vc_single_image image=&#8221;651&#8243; img_size=&#8221;medium&#8221;][vc_column_text]<\/p>\n<h3>Amuse-Bouches<br \/>\nLes animaux<\/h3>\n<p>Christine Croset, Catherine Oppliger Mercado et Catherine Louis<\/p>\n<p>Destin\u00e9 aux enfants d\u00e8s 3 ans, Amuse-Bouches invite au plaisir de chanter. A leurs \u00e9ducateurs, il propose aussi de nombreuses activit\u00e9s con\u00e7ues pour soutenir les premiers apprentissages, ainsi que des suggestions pour l&#8217;expression vocale et musicale.<br \/>\nLe CD audio inclus dans ce recueil contient les chansons in\u00e9dites en versions interpr\u00e9t\u00e9e et orchestrale ainsi que les prolongements par des jeux sonores.<\/p>\n<p><a style=\"line-height: 1.5;\" href=\"https:\/\/www.editionslep.ch\/catalogsearch\/result\/?q=amuse+bouche\" target=\"_blank\" rel=\"noopener noreferrer\">Commander<\/a>[\/vc_column_text][\/vc_column_inner][vc_column_inner width=&#8221;1\/3&#8243;][vc_single_image image=&#8221;650&#8243; img_size=&#8221;medium&#8221;][vc_column_text]<\/p>\n<h3>Amuse-Bouches<br \/>\nDans ma famille<\/h3>\n<p>Christine Croset, Catherine Oppliger Mercado et Catherine Louis<\/p>\n<p>Destin\u00e9 aux enfants d\u00e8s 3 ans, Amuse-Bouches invite au plaisir de chanter. A leurs \u00e9ducateurs, il propose aussi de nombreuses activit\u00e9s con\u00e7ues pour soutenir les premiers apprentissages, ainsi que des suggestions pour l&#8217;expression vocale et musicale.<br \/>\nLe CD audio inclus dans ce recueil contient les chansons in\u00e9dites en versions interpr\u00e9t\u00e9e et orchestrale ainsi que les prolongements par des jeux sonores.<\/p>\n<p><a style=\"line-height: 1.5;\" href=\"https:\/\/www.editionslep.ch\/catalogsearch\/result\/?q=amuse+bouche\" target=\"_blank\" rel=\"noopener noreferrer\">Commander<\/a>[\/vc_column_text][\/vc_column_inner][vc_column_inner width=&#8221;1\/3&#8243;][vc_single_image image=&#8221;649&#8243; img_size=&#8221;medium&#8221;][vc_column_text]<\/p>\n<h3>Amuse-Bouches<br \/>\nA l&#8217;\u00e9cole<\/h3>\n<p>Christine Croset, Catherine Oppliger Mercado et Catherine Louis<\/p>\n<p>Destin\u00e9 aux enfants d\u00e8s 3 ans, Amuse-Bouches invite au plaisir de chanter. A leurs \u00e9ducateurs, il propose aussi de nombreuses activit\u00e9s con\u00e7ues pour soutenir les premiers apprentissages, ainsi que des suggestions pour l&#8217;expression vocale et musicale.<br \/>\nLe CD audio inclus dans ce recueil contient les chansons in\u00e9dites en versions interpr\u00e9t\u00e9e et orchestrale ainsi que les prolongements par des jeux sonores.<\/p>\n<p><a href=\"https:\/\/www.editionslep.ch\/catalogsearch\/result\/?q=amuse+bouche\" target=\"_blank\" rel=\"noopener noreferrer\">Commander<\/a>[\/vc_column_text][\/vc_column_inner][\/vc_row_inner][vc_row_inner][vc_column_inner width=&#8221;1\/3&#8243;][vc_single_image image=&#8221;385&#8243; img_size=&#8221;medium&#8221;][vc_column_text]<\/p>\n<h3>Z\u00e9lie 1<\/h3>\n<p><strong>\u201cVingt chansons pour le solf\u00e8ge\u201d<\/strong><\/p>\n<p>Destin\u00e9es plut\u00f4t aux professeurs de solf\u00e8ge, ces chansons ont chacune un but p\u00e9dagogique pr\u00e9cis, afin d\u2019offrir aux enfants l\u2019occasion de d\u00e9couvrir de nouveaux sujets, ou de cr\u00e9er un lien entre l\u2019action et la repr\u00e9sentation des notions musicales. Prix: Fr. 29.-<\/p>\n<p><a href=\"mailto:zelie@bluewin.ch\">Commander<\/a>[\/vc_column_text][\/vc_column_inner][vc_column_inner width=&#8221;1\/3&#8243;][vc_single_image image=&#8221;461&#8243; img_size=&#8221;medium&#8221;][vc_column_text]<\/p>\n<h3>Z\u00e9lie 2<\/h3>\n<p><strong>\u201cVingt chansons en mouvement\u201d<\/strong><\/p>\n<div>Un plaisir pour tous&#8230; Des chansons pour bouger et chanter, et apprivoiser la musique \u00e0 travers des airs entra\u00eenants ou tendres.\u00a0Les chansons sont \u00e9galement un tremplin pour l\u2019acquisition de notions solf\u00e9giques.Le recueil contient les descriptions des mouvements ou des pistes pour d\u00e9velopper la cr\u00e9ativit\u00e9.\u00a0Le CD contient les chansons et les play back\u00a0 (violon, alto, violoncelle, contrebasse et piano). Prix: Fr. 29.-<\/div>\n<p><a href=\"mailto:zelie@bluewin.ch\">Commander<\/a>[\/vc_column_text][\/vc_column_inner][vc_column_inner width=&#8221;1\/3&#8243;][vc_single_image image=&#8221;462&#8243; img_size=&#8221;medium&#8221;][vc_column_text]<\/p>\n<div>\n<h3>Z\u00e9lie 3<\/h3>\n<\/div>\n<div>La collection\u00a0<span style=\"color: #000000;\"><em>Z\u00e9lie Chanson<\/em><\/span>\u00a0est une collection de recueils de chansons d\u2019enfants , compos\u00e9es par Anne-Claire Rey-Bellet , rythmicienne. Les recueils contiennent les partitions et les descriptions d\u2019activit\u00e9s et de mouvements facilitant l\u2019apprentissage des chansons, tra\u00e7ant ainsi un chemin vers une acquisition musicale ou corporelle. Les chansons sont souvent utilis\u00e9es en chorale, car elles offrent une approche des mots qui se fond avec la musique des sons, appr\u00e9ci\u00e9es par les enseignants.\u00a0Les cd contiennent une version play back pl\u00e9biscit\u00e9e par les enseignants. Prix Recueil+CD: Fr. 50.-<\/div>\n<div><\/div>\n<div><a href=\"mailto:zelie@bluewin.ch\">Commander<\/a><\/div>\n<p>[\/vc_column_text][\/vc_column_inner][\/vc_row_inner][vc_row_inner][vc_column_inner width=&#8221;1\/3&#8243;][vc_single_image image=&#8221;742&#8243; img_size=&#8221;medium&#8221;][vc_column_text]<\/p>\n<h3>Petits morceaux pour<br \/>\npetits bouts<\/h3>\n<p>Livre-CD de chansons tir\u00e9es des spectacles &#8220;T\u00eate en Lune&#8221; et &#8220;Farfelune&#8221;<\/p>\n<p>Public: enfants de 0 \u00e0 6 ans<br \/>\nPrix: Fr. 20.-<\/p>\n<p><a href=\"mailto:contact@tamiero.com\">Commander<\/a>[\/vc_column_text][\/vc_column_inner][vc_column_inner width=&#8221;1\/3&#8243;][vc_single_image image=&#8221;741&#8243; img_size=&#8221;medium&#8221;][vc_column_text]<\/p>\n<h3>Les Gnams, Voyage dans le monde des sons<\/h3>\n<p>CD de chansons tir\u00e9es du spectacle &#8220;Les Gnams&#8221;<\/p>\n<p>Public: enfants d\u00e8s 5 \u00e0 6 ans<br \/>\nPrix: Fr. 20.-<\/p>\n<p><a href=\"mailto:contact@tamiero.com\">Commander<\/a>[\/vc_column_text][\/vc_column_inner][vc_column_inner width=&#8221;1\/3&#8243;][vc_single_image image=&#8221;909&#8243; img_size=&#8221;medium&#8221;][vc_column_text]<\/p>\n<h3>Bernard l&#8217;Hermite<\/h3>\n<p>10 chansons et leurs versions instrumentales, livret contenant paroles et partitions.<\/p>\n<p>Public: enfants d\u00e8s 2 ans<br \/>\nPrix: Fr. 20.-<\/p>\n<p><a href=\"https:\/\/www.rythmique-kristel.ch\/cd\" target=\"_blank\" rel=\"noopener noreferrer\">Commander<\/a>[\/vc_column_text][\/vc_column_inner][\/vc_row_inner][vc_row_inner][vc_column_inner width=&#8221;1\/3&#8243;][vc_single_image image=&#8221;1024&#8243; img_size=&#8221;medium&#8221;][vc_column_text]<\/p>\n<h3>Cuisto<\/h3>\n<p>De la malbouffe (<i>Gros comme un sum<\/i><i>o<\/i>) aux possibilit\u00e9s \u00e9tonnantes qu&#8217;offre une cuisine pour faire de la musique (<i>Orchestre bidon)<\/i>, du\u00a0<i>Petit pois tout seul<\/i>\u00a0\u00e0 la\u00a0<i>Jolie banane<\/i>,\u00a020 chansons \u00e0 d\u00e9couvrir en partition ou en CD, chant\u00e9es ou version piano.<\/p>\n<p>Prix: Fr. 25.-<\/p>\n<p><a href=\"http:\/\/www.doremifacile.ch\/recueils.html\" target=\"_blank\" rel=\"noopener noreferrer\">Commander<\/a>[\/vc_column_text][\/vc_column_inner][vc_column_inner width=&#8221;1\/3&#8243;][vc_single_image image=&#8221;1278&#8243; img_size=&#8221;medium&#8221;][vc_column_text]<\/p>\n<div>\n<h3>L&#8217;\u00d4, M\u00e9li-m\u00e9lo de m\u00e9lodies et de mots dans l&#8217;eau<\/h3>\n<p>CD de chansons tir\u00e9es du spectacle L&#8217;\u00d4<\/p>\n<p>Public: enfants de 0 \u00e0 4 ans<br \/>\nPrix: Fr. 20.-<\/p>\n<p><a href=\"mailto:contact@tamiero.com\">Commander<\/a><\/p>\n<\/div>\n<p>[\/vc_column_text][\/vc_column_inner][vc_column_inner width=&#8221;1\/3&#8243;][vc_single_image image=&#8221;1691&#8243; img_size=&#8221;medium&#8221;][vc_column_text]<\/p>\n<h3>Pauvr&#8217; m\u00f4me<\/h3>\n<p><span class=\"\">Cet album regroupe des chansons destin\u00e9es aux enfants de 0 \u00e0 6 ans pour \u00e9couter, bouger, s\u2019amuser et bien s\u00fbr chanter avec!\u00a0<\/span>Chaque titre a sa version instrumentale. L\u2019album comprend \u00e9galement un livret avec les paroles. Il est aussi possible de commander les partitions.<br \/>\nPrix: Fr. 25.-<br \/>\n<a href=\"http:\/\/rythmique.ch\/newSite\/wp-content\/uploads\/2018\/10\/Index-Pauvrm\u00f4me.png\" target=\"_blank\" rel=\"noopener noreferrer\">Index des chansons<\/a><br \/>\n<a href=\"https:\/\/monarbreenchant\u00e9.ch\" target=\"_blank\" rel=\"noopener noreferrer\">Commander<\/a>[\/vc_column_text][\/vc_column_inner][\/vc_row_inner][vc_row_inner][vc_column_inner width=&#8221;1\/3&#8243;][vc_single_image image=&#8221;2159&#8243; img_size=&#8221;medium&#8221;][vc_column_text]<\/p>\n<h3>B\u00e9reng\u00e8re prend l&#8217;air<\/h3>\n<p>CD<\/p>\n<p>Prix: Fr. 36.-<\/p>\n<p><a href=\"http:\/\/berengere.ch\/chansons.html\" target=\"_blank\" rel=\"noopener noreferrer\">Commander<\/a>[\/vc_column_text][\/vc_column_inner][vc_column_inner width=&#8221;1\/3&#8243;][vc_single_image image=&#8221;2160&#8243; img_size=&#8221;medium&#8221;][vc_column_text]<\/p>\n<div>\n<h3>B\u00e9reng\u00e8re prend l&#8217;air et s&#8217;envole&#8230;<\/h3>\n<p>Livre CD<\/p>\n<p>Prix: Fr. 36.-<\/p>\n<p><a href=\"http:\/\/berengere.ch\/chansons.html\" target=\"_blank\" rel=\"noopener\">Commander<\/a><\/p>\n<\/div>\n<p>[\/vc_column_text][\/vc_column_inner][\/vc_row_inner][\/vc_tab][vc_tab title=&#8221;DVD&#8221; tab_id=&#8221;1424798365328-2-2&#8243;][vc_row_inner][vc_column_inner width=&#8221;1\/2&#8243;][vc_single_image image=&#8221;581&#8243; img_size=&#8221;medium&#8221;][vc_column_text]<strong>La rythmique, le solf\u00e8ge,<br \/>\nun chemin vers la musique<\/strong><br \/>\nsorti en 2010<\/p>\n<p>Disponible en fran\u00e7ais, anglais, allemand, espagnol<br \/>\nFormat NTSC (USA-Canada-Japon) sur demande<\/p>\n<p>CHF 25.-<\/p>\n<p><a href=\"mailto:contact@rythmique.ch\">Commander<\/a>[\/vc_column_text][\/vc_column_inner][vc_column_inner width=&#8221;1\/2&#8243;][vc_single_image image=&#8221;579&#8243; img_size=&#8221;medium&#8221;][vc_column_text]<strong>La rythmique chez les danseurs<\/strong><br \/>\nsorti en 2007<\/p>\n<p>Disponible en fran\u00e7ais et en anglais<br \/>\nPas de format NTSC<\/p>\n<p>CHF 25.-<\/p>\n<p><a href=\"https:\/\/www.dalcroze.ch\/informations-pratiques\/centre-documentation\/librairie\" target=\"_blank\" rel=\"noopener\">Commander<\/a>[\/vc_column_text][\/vc_column_inner][\/vc_row_inner][vc_row_inner][vc_column_inner width=&#8221;1\/2&#8243;][vc_single_image image=&#8221;578&#8243; img_size=&#8221;medium&#8221; onclick=&#8221;custom_link&#8221; link=&#8221;mailto:contact@rythmique.ch&#8221;][vc_column_text]<strong>La rythmique et\u00a0l&#8217;\u00e2ge d&#8217;or<\/strong><br \/>\nsorti en 2006<\/p>\n<p>Disponible en fran\u00e7ais et en anglais<br \/>\nPas de format NTSC (USA-Canada-Japon)<\/p>\n<p>CHF 25.-<\/p>\n<p><a href=\"mailto:contact@rythmique.ch\">Commander<\/a>[\/vc_column_text][\/vc_column_inner][vc_column_inner width=&#8221;1\/2&#8243;][vc_single_image image=&#8221;924&#8243; img_size=&#8221;medium&#8221;][vc_column_text]<strong>Rythmiques<\/strong><br \/>\nsorti en 2005<\/p>\n<p>Disponible en fran\u00e7ais uniquement<br \/>\nPas de format NTSC (USA-Canada-Japon)<\/p>\n<p>CHF 25.-<\/p>\n<p><a href=\"mailto:soazig.mercier@dalcroze.ch\">Commander<\/a>[\/vc_column_text][\/vc_column_inner][\/vc_row_inner][\/vc_tab][vc_tab title=&#8221;Livres&#8221; tab_id=&#8221;1424798377792-3-4&#8243;][vc_row_inner][vc_column_inner width=&#8221;1\/4&#8243;][vc_single_image image=&#8221;567&#8243; img_size=&#8221;medium&#8221;][\/vc_column_inner][vc_column_inner width=&#8221;3\/4&#8243;][vc_column_text]<strong>Chemins de Rythmique volume 1<\/strong><\/p>\n<p>14 professeurs de 8 pays livrent ici 41 le\u00e7ons de rythmique, solf\u00e8ge, improvisation, en fran\u00e7ais ou en anglais. La FIER publie cet ouvrage pour garder une trace \u00e9crite de l\u2019enseignement de professeurs qui sont ou ont \u00e9t\u00e9 formateurs de professeurs de rythmique. <a href=\"https:\/\/www.dalcroze.ch\/wp-content\/uploads\/2020\/06\/Chemins-de-rythmique-1.pdf\" target=\"_blank\" rel=\"noopener noreferrer\">Plus d&#8217;infos<\/a>.<\/p>\n<p><a href=\"https:\/\/www.dalcroze.ch\/informations-pratiques\/centre-documentation\/librairie\/\" target=\"_blank\" rel=\"noopener noreferrer\">Acheter<\/a>[\/vc_column_text][\/vc_column_inner][\/vc_row_inner][vc_row_inner][vc_column_inner width=&#8221;1\/4&#8243;][vc_single_image image=&#8221;615&#8243; img_size=&#8221;medium&#8221;][\/vc_column_inner][vc_column_inner width=&#8221;3\/4&#8243;][vc_column_text]<strong>Chemins de Rythmique volume 2<\/strong><\/p>\n<p>18 professeurs de 10 pays livrent ici 35 le\u00e7ons de rythmique, solf\u00e8ge, improvisation, en fran\u00e7ais ou en anglais. La FIER publie cet ouvrage pour garder une trace \u00e9crite de l\u2019enseignement de professeurs qui sont ou ont \u00e9t\u00e9 formateurs de professeurs de rythmique. <a href=\"https:\/\/www.dalcroze.ch\/wp-content\/uploads\/2020\/06\/Chemins-de-rythmique-2.pdf\" target=\"_blank\" rel=\"noopener noreferrer\">Plus d&#8217;infos<\/a>.<\/p>\n<p><a href=\"https:\/\/www.dalcroze.ch\/informations-pratiques\/centre-documentation\/librairie\/\" target=\"_blank\" rel=\"noopener noreferrer\">Acheter<\/a>[\/vc_column_text][\/vc_column_inner][\/vc_row_inner][vc_row_inner][vc_column_inner width=&#8221;1\/4&#8243;][vc_single_image image=&#8221;580&#8243; img_size=&#8221;medium&#8221;][\/vc_column_inner][vc_column_inner width=&#8221;3\/4&#8243;][vc_column_text]<strong>La Rythmique Jaques-Dalcroze, un atout pour les Seniors<\/strong><\/p>\n<p><em>Rester jeune plus longtemps par le mouvement et la musique<\/em><\/p>\n<p>Document r\u00e9dig\u00e9 par Marianne Wahli-Delbos en collaboration avec Silvia Del Bianco, Ruth Gianadda et Gabi Chrisman<\/p>\n<p>La rythmique Jaques-Dalcroze occupe, depuis plus d\u2019un si\u00e8cle en Suisse et dans une vingtaine de pays sur quatre continents, une place de r\u00e9f\u00e9rence dans l\u2019enseignement musical pour les enfants, les adolescents et les adultes. Son utilisation en tant qu\u2019activit\u00e9 physique r\u00e9guli\u00e8re aupr\u00e8s des personnes \u00e2g\u00e9es est r\u00e9cente et ses atouts font l\u2019objet d\u2019un int\u00e9r\u00eat grandissant aupr\u00e8s des milieux scientifiques et psychosociaux. Apr\u00e8s cinq ann\u00e9es de recherche appliqu\u00e9e dans ce domaine, nous avons souhait\u00e9 partager les acquis de cette pratique innovante en faveur des seniors. <a href=\"https:\/\/www.dalcroze.ch\/wp-content\/uploads\/2020\/06\/Rythmique-seniors.pdf\" target=\"_blank\" rel=\"noopener\">Plus d&#8217;infos<\/a><\/p>\n<p><a href=\"https:\/\/www.dalcroze.ch\/informations-pratiques\/centre-documentation\/librairie\/\" target=\"_blank\" rel=\"noopener noreferrer\">Acheter<\/a>[\/vc_column_text][\/vc_column_inner][\/vc_row_inner][vc_row_inner][vc_column_inner width=&#8221;1\/4&#8243;][vc_single_image image=&#8221;714&#8243; img_size=&#8221;medium&#8221;][\/vc_column_inner][vc_column_inner width=&#8221;3\/4&#8243;][vc_column_text]<a href=\"http:\/\/rythmique.ch\/newSite\/wp-content\/uploads\/2015\/03\/flyer_expo-AAJD.pdf\" target=\"_blank\" rel=\"noopener noreferrer\"><strong>Tableaux d&#8217;une exposition<\/strong><\/a><\/p>\n<p>D\u00e9couvrez l\u2019essentiel de l\u2019exposition Emile Jaques-Dalcroze, la musique en mouvement. Format r\u00e9duit (A4, 63 pages) vingt-deux panneaux explicatifs en couleurs, auxquels s\u2019ajoutent onze textes de sp\u00e9cialistes de diverses disciplines ainsi que de nombreuses citations. En fran\u00e7ais, en anglais et en japonais.\u00a0<a href=\"https:\/\/www.dalcroze.ch\/wp-content\/uploads\/2020\/06\/Tableaux-dune-exposition.pdf\" target=\"_blank\" rel=\"noopener\">Plus d&#8217;infos<\/a><\/p>\n<p>CHF 25.00<\/p>\n<p><a href=\"https:\/\/www.dalcroze.ch\/informations-pratiques\/centre-documentation\/librairie\/\" target=\"_blank\" rel=\"noopener noreferrer\">Acheter<\/a>[\/vc_column_text][\/vc_column_inner][\/vc_row_inner][vc_row_inner][vc_column_inner width=&#8221;1\/4&#8243;][vc_single_image image=&#8221;1933&#8243; img_size=&#8221;medium&#8221;][\/vc_column_inner][vc_column_inner width=&#8221;3\/4&#8243;][vc_column_text]<strong>Chemins de Rythmique volume 3<\/strong><\/p>\n<p>Cet ouvrage contient 34 le\u00e7ons propos\u00e9es par 24 professeurs en fran\u00e7ais et en anglais. La FIER publie cet ouvrage pour garder une trace \u00e9crite de l\u2019enseignement de professeurs qui sont ou ont \u00e9t\u00e9 formateurs de professeurs de rythmique. <a href=\"https:\/\/www.dalcroze.ch\/wp-content\/uploads\/2020\/06\/Chemins-de-rythmique-3.pdf\" target=\"_blank\" rel=\"noopener\">Plus d&#8217;infos<\/a>.<\/p>\n<p><a href=\"https:\/\/www.dalcroze.ch\/informations-pratiques\/centre-documentation\/librairie\/\" target=\"_blank\" rel=\"noopener noreferrer\">Acheter<\/a>[\/vc_column_text][\/vc_column_inner][\/vc_row_inner][vc_row_inner][vc_column_inner width=&#8221;1\/4&#8243;][vc_single_image image=&#8221;1794&#8243; img_size=&#8221;medium&#8221;][\/vc_column_inner][vc_column_inner width=&#8221;3\/4&#8243;][vc_column_text]<strong>La rythmique<\/strong><\/p>\n<p><strong>Le solf\u00e8ge&#8230; <\/strong><\/p>\n<p><strong>Un chemin vers la musique <\/strong><\/p>\n<p>Un ouvrage de Mireille Weber <a href=\"https:\/\/www.dalcroze.ch\/wp-content\/uploads\/2020\/06\/La-rythmique-le-solfege-un-chemin.pdf\" target=\"_blank\" rel=\"noopener\">en fran\u00e7ais<\/a> ou <a href=\"https:\/\/www.dalcroze.ch\/wp-content\/uploads\/2020\/06\/Rhythmics-solfege-a-path-toward-music.pdf\" target=\"_blank\" rel=\"noopener\">en anglais<\/a>.<\/p>\n<p><a href=\"https:\/\/www.dalcroze.ch\/informations-pratiques\/centre-documentation\/librairie\/\" target=\"_blank\" rel=\"noopener noreferrer\">Acheter<\/a>[\/vc_column_text][\/vc_column_inner][\/vc_row_inner][vc_row_inner][vc_column_inner width=&#8221;1\/4&#8243;][vc_single_image image=&#8221;1774&#8243; img_size=&#8221;medium&#8221;][\/vc_column_inner][vc_column_inner width=&#8221;3\/4&#8243;][vc_column_text]<strong>La rythmique Jaques-Dalcroze &#8211;\u00a0<\/strong><\/p>\n<p><strong>Racines d&#8217;une pratique encore en mouvement&#8230;<\/strong><\/p>\n<p>Extraits de cours d&#8217;Edith Naef.\u00a0Un ouvrage r\u00e9dig\u00e9 par Ruth Gianadda, Mary Brice et H\u00e9l\u00e8ne Nicolet.<\/p>\n<p><a href=\"https:\/\/www.dalcroze.ch\/wp-content\/uploads\/2020\/06\/Racines-dune-pratique-encore-en-mouvement.pdf\" target=\"_blank\" rel=\"noopener\">En fran\u00e7ais<\/a> ou <a href=\"https:\/\/www.dalcroze.ch\/wp-content\/uploads\/2020\/06\/Roots-of-a-practice-still-in-movement.pdf\" target=\"_blank\" rel=\"noopener\">en anglais<\/a>.<\/p>\n<p><a href=\"https:\/\/www.dalcroze.ch\/informations-pratiques\/centre-documentation\/librairie\/\" target=\"_blank\" rel=\"noopener noreferrer\">Acheter<\/a>[\/vc_column_text][\/vc_column_inner][\/vc_row_inner][\/vc_tab][vc_tab title=&#8221;Radio&#8221; tab_id=&#8221;1425837081722-4-0&#8243;][vc_row_inner][vc_column_inner width=&#8221;1\/3&#8243;]<div class=\"dt-service-elem content-left bold-fill\"><div class=\"dt-service-icon\"><i class=\"fa fa-music\"><\/i><\/div><div class=\"dt-service-content\"><h3 class=\"dt-service-title \">Rythmique Seniors<\/h3><p>On en parle:<a href=\"http:\/\/www.rts.ch\/la-1ere\/programmes\/on-en-parle\/5709422-on-en-parle-du-04-04-2014.html\" target=\"_blank\" rel=\"noopener noreferrer\"> \u00e9mission du 04.04.2014<\/a><\/p><\/div><\/div>[\/vc_column_inner][vc_column_inner width=&#8221;1\/3&#8243;]<div class=\"dt-service-elem content-left bold-fill\"><div class=\"dt-service-icon\"><i class=\"fa fa-music\"><\/i><\/div><div class=\"dt-service-content\"><h3 class=\"dt-service-title \">Rythmique Seniors<\/h3><p>Corpus: <a href=\"http:\/\/www.rts.ch\/la-1ere\/programmes\/corpus\/6615377-la-rythmique-aiderait-a-prevenir-les-risques-de-chute-chez-les-seniors.html\" target=\"_blank\" rel=\"noopener noreferrer\">\u00e9mission du 20.03.2015<\/a><\/p><\/div><\/div>[\/vc_column_inner][vc_column_inner width=&#8221;1\/3&#8243;]<div class=\"dt-service-elem content-left bold-fill\"><div class=\"dt-service-icon\"><i class=\"fa fa-child\"><\/i><\/div><div class=\"dt-service-content\"><h3 class=\"dt-service-title \">Silvia Del Bianco<\/h3><p>Entre nous soit dit: <a href=\"http:\/\/www.rts.ch\/la-1ere\/programmes\/entre-nous-soit-dit\/6585994-entre-nous-soit-dit-du-11-03-2015.html\" target=\"_blank\" rel=\"noopener noreferrer\">\u00e9mission du 11.03.2015<\/a><\/p><\/div><\/div>[\/vc_column_inner][\/vc_row_inner][vc_row_inner][vc_column_inner width=&#8221;1\/3&#8243;]<div class=\"dt-service-elem content-left bold-fill\"><div class=\"dt-service-icon\"><i class=\"fa fa-child\"><\/i><\/div><div class=\"dt-service-content\"><h3 class=\"dt-service-title \">100 ans IJD<\/h3><p>Babylone: <a href=\"http:\/\/www.rts.ch\/espace-2\/programmes\/babylone\/6585333-babylone-du-17-03-2015.html\" target=\"_blank\" rel=\"noopener noreferrer\">\u00e9mission du 17.03.2015<\/a><\/p><\/div><\/div>[\/vc_column_inner][vc_column_inner width=&#8221;1\/3&#8243;][\/vc_column_inner][vc_column_inner width=&#8221;1\/3&#8243;][\/vc_column_inner][\/vc_row_inner][\/vc_tab][vc_tab title=&#8221;TV&#8221; tab_id=&#8221;1425837172995-5-2&#8243;][vc_row_inner][vc_column_inner width=&#8221;1\/2&#8243;]<div class=\"dt-service-elem content-left bold-fill\"><div class=\"dt-service-icon\"><i class=\"fa fa-child\"><\/i><\/div><div class=\"dt-service-content\"><h3 class=\"dt-service-title \">Rythmique Seniors<\/h3><p>Emission du 26.01.2015:\u00a0<a href=\"http:\/\/www.rts.ch\/play\/tv\/couleurs-locales\/video\/pour-diminuer-les-risques-de-chute-des-seniors-des-ems-ou-des-associations-developpent-des-cours-de-rythmique?id=6491319\" target=\"_blank\" rel=\"noopener noreferrer\">RTS Couleurs locales<\/a><\/p>\n<p>Pour diminuer les risques de chute des seniors, des EMS ou des associations d\u00e9veloppent des cours de rythmique.\u00a0Les r\u00e9sultats sont prouv\u00e9s. Ils permettent de r\u00e9duire de moiti\u00e9 la fr\u00e9quence des accidents.<\/p><\/div><\/div>[\/vc_column_inner][vc_column_inner width=&#8221;1\/2&#8243;]<div class=\"dt-service-elem content-left bold-fill\"><div class=\"dt-service-icon\"><i class=\"fa fa-child\"><\/i><\/div><div class=\"dt-service-content\"><h3 class=\"dt-service-title \">Rythmique seniors<\/h3><p>Emission du 11.02.2015: <a href=\"https:\/\/www.rts.ch\/emissions\/36-9\/6390964-des-pieges-dans-ma-maison.html\" target=\"_blank\" rel=\"noopener noreferrer\">RTS 36,9\u00b0<\/a><\/p>\n<p>Un chiffre \u00e9difiant: on compte 600&#8217;000 accidents domestiques chaque ann\u00e9e en Suisse. Il n\u2019y a pas de statistiques officielles, mais ces accidents co\u00fbtent entre deux et trois milliards de francs \u00e0 la collectivit\u00e9. Les cons\u00e9quences sont graves: 1&#8217;500 morts. C\u2019est cinq fois plus que les accidents de la route! Les chutes &#8211; principal accident domestique &#8211; font 1&#8217;200 morts \u00e0 elles seules. Les personnes \u00e2g\u00e9es en sont les principales victimes. Bernard Novet et Fran\u00e7ois Jeannet ont recueilli les t\u00e9moignages de personnes accident\u00e9es auxquels font \u00e9cho les explications des sp\u00e9cialistes qui \u00e9voquent les meilleurs moyens de pr\u00e9venir ces accidents. Par exemple: les exercices rythmiques de la m\u00e9thode Jacques Dalcroze. Une heure par semaine r\u00e9duirait de 50% le risque de chute.<\/p><\/div><\/div>[\/vc_column_inner][\/vc_row_inner][vc_row_inner][vc_column_inner width=&#8221;1\/2&#8243;]<div class=\"dt-service-elem content-left bold-fill\"><div class=\"dt-service-icon\"><i class=\"fa fa-child\"><\/i><\/div><div class=\"dt-service-content\"><h3 class=\"dt-service-title \">Professer Dalcroze<\/h3><p>Vie et m\u00e9tier &#8211; 7 juin 1967:\u00a0<a href=\"http:\/\/www.rts.ch\/archives\/tv\/divers\/vie-et-metier\/6886921-professer-dalcroze.html\" target=\"_blank\" rel=\"noopener noreferrer\">RTS Archives<\/a><\/p><\/div><\/div>[\/vc_column_inner][vc_column_inner width=&#8221;1\/2&#8243;]<div class=\"dt-service-elem content-left bold-fill\"><div class=\"dt-service-icon\"><i class=\"fa fa-child\"><\/i><\/div><div class=\"dt-service-content\"><h3 class=\"dt-service-title \">Emile Jaques-Dalcroze Proph\u00e8te en son pays<\/h3><p><a href=\"http:\/\/www.rts.ch\/archives\/dossiers\/6889036-emile-jaques-dalcroze-prophete-en-son-pays.html\" target=\"_blank\" rel=\"noopener noreferrer\">RTS\u00a0Archives<\/a><\/p><\/div><\/div>[\/vc_column_inner][\/vc_row_inner][vc_row_inner][vc_column_inner width=&#8221;1\/2&#8243;]<div class=\"dt-service-elem content-left bold-fill\"><div class=\"dt-service-icon\"><i class=\"fa fa-child\"><\/i><\/div><div class=\"dt-service-content\"><h3 class=\"dt-service-title \">BAM<\/h3><p>Youtube\u00a0<a href=\"https:\/\/www.youtube.com\/watch?v=xarnpmnP6a0&amp;feature=share\" target=\"_blank\" rel=\"noopener noreferrer\">2015 Flux Expo BAM Dalcroze<\/a><\/p><\/div><\/div>[\/vc_column_inner][vc_column_inner width=&#8221;1\/2&#8243;]<div class=\"dt-service-elem content-left bold-fill\"><div class=\"dt-service-icon\"><i class=\"fa fa-camera\"><\/i><\/div><div class=\"dt-service-content\"><h3 class=\"dt-service-title \">documentaire d'une rencontre professionnelle en France<\/h3><p><a href=\"https:\/\/vimeo.com\/325433686\" target=\"_blank\" rel=\"noopener noreferrer\">Court\u00a0documentaire<\/a>\u00a0tourn\u00e9 dans le cadre d&#8217;une rencontre professionnelle organis\u00e9e par le Conseil des Hauts de Seine.\u00a0Journ\u00e9e organis\u00e9e en partenariat avec le CFMI d&#8217;Orsay et le CRR de Rueil-Malmaison qui a accueilli en ses murs la rencontre du jeudi 14 mars 2019.<\/p><\/div><\/div>[\/vc_column_inner][\/vc_row_inner][\/vc_tab][vc_tab title=&#8221;Articles&#8221; tab_id=&#8221;1424797929-1-61&#8243;][vc_row_inner][vc_column_inner width=&#8221;1\/4&#8243;][vc_single_image image=&#8221;2535&#8243; img_size=&#8221;medium&#8221;][\/vc_column_inner][vc_column_inner width=&#8221;3\/4&#8243;][vc_column_text]<strong>4 articles de Christine Croset<\/strong><\/p>\n<ul>\n<li><a href=\"http:\/\/rythmique.ch\/newSite\/wp-content\/uploads\/2025\/02\/Linhibition-dans-les-apprentissages_Educateur_Croset-2017.pdf\" target=\"_blank\" rel=\"noopener\">L&#8217;inhibition dans les apprentissages, Educateur<\/a><\/li>\n<li><a href=\"http:\/\/rythmique.ch\/newSite\/wp-content\/uploads\/2025\/02\/Le-6e-sens-de-Dalcroze_website_FIER_Croset-2023.pdf\" target=\"_blank\" rel=\"noopener\">Le \u201d6e sens\u201d de Dalcroze : si pre\u0301sent et si peu conscientise\u0301<\/a><\/li>\n<li><a href=\"http:\/\/rythmique.ch\/newSite\/wp-content\/uploads\/2025\/02\/Quelle-parole-quel-langage-pour-le-Jeune-Enfant-Educateur_Croset-2013.pdf\" target=\"_blank\" rel=\"noopener\">Quelle parole, quel langage pour le jeune enfant?<\/a><\/li>\n<li><a href=\"http:\/\/rythmique.ch\/newSite\/wp-content\/uploads\/2025\/02\/La-Rythmique-a-lecole-vaudoise_Decin-ou-expansion_EspacePedagogiqueS_Croset-2012.pdf\" target=\"_blank\" rel=\"noopener\">La rythmique \u00e0 l&#8217;\u00e9cole vaudoise. D\u00e9clin ou expansion?<\/a><\/li>\n<\/ul>\n<div class=\"page\" title=\"Page 1\">\n<div class=\"layoutArea\">\n<div class=\"column\">\n<p>&nbsp;<\/p>\n<\/div>\n<\/div>\n<\/div>\n<div class=\"Post__lead\">\n<p>&nbsp;<\/p>\n<\/div>\n<p>[\/vc_column_text][\/vc_column_inner][\/vc_row_inner][vc_row_inner][vc_column_inner width=&#8221;1\/4&#8243;][vc_single_image image=&#8221;2512&#8243; img_size=&#8221;medium&#8221;][\/vc_column_inner][vc_column_inner width=&#8221;3\/4&#8243;][vc_column_text]<strong>Revue musicale suisse<\/strong><\/p>\n<p><a href=\"https:\/\/www.revuemusicale.ch\/smz\/2024\/05\/la-rythmique-jaques-dalcroze-poursuit-son-evolution\" target=\"_blank\" rel=\"noopener\">Des racines \u00e0 la nature, la rythmique Jaques-Dalcroze poursuit son \u00e9volution.\u00a0<\/a><\/p>\n<div class=\"Post__lead\">\n<p>A la rencontre d\u2019H\u00e9l\u00e8ne Nicolet, nouvelle directrice de l\u2019Institut Jaques-Dalcroze (IJD) depuis le 15 ao\u00fbt 2023, succ\u00e9dant \u00e0 Silvia Del Bianco, nous avons r\u00e9colt\u00e9 les graines et plantations futures de sa ligne directrice. Nous avons abord\u00e9 les th\u00e9matiques \u00e9v\u00e9nementielles actuelles et futures de l\u2019Institut, ses principes p\u00e9dagogiques, ainsi que les liens entre la pens\u00e9e dalcrozienne et le management. <span class=\"Post__author\">Marie-Laure de Beausacq<\/span><span class=\"Post__date\">\u00a0&#8211; 29. Mai. 2024<\/span><\/p>\n<\/div>\n<p>[\/vc_column_text][\/vc_column_inner][\/vc_row_inner][vc_row_inner][vc_column_inner width=&#8221;1\/4&#8243;][vc_single_image image=&#8221;546&#8243; img_size=&#8221;medium&#8221;][\/vc_column_inner][vc_column_inner width=&#8221;3\/4&#8243;][vc_column_text]<strong>T\u00e9moignages<\/strong><\/p>\n<p>Trois enseignantes de rythmique pour Seniors du canton de Vaud, Arielle Zaugg, Sylvie Rutschmann Hill et Kristel Latapie, t\u00e9moignent en page 2 et 3 de la newsletter du r\u00e9seau Delta de d\u00e9cembre 2014.<\/p>\n<p><a href=\"http:\/\/rythmique.ch\/newSite\/wp-content\/uploads\/2015\/03\/A4_DeltanewsVaud-No\u00ebl.pdf\" target=\"_blank\" rel=\"noopener noreferrer\">Newsletter du r\u00e9seau Delta<\/a>[\/vc_column_text][\/vc_column_inner][\/vc_row_inner][vc_row_inner][vc_column_inner width=&#8221;1\/4&#8243;][vc_single_image image=&#8221;534&#8243; img_size=&#8221;medium&#8221;][\/vc_column_inner][vc_column_inner width=&#8221;3\/4&#8243;][vc_column_text]<strong>Th\u00e8se: La rythmique Jaques-Dalcroze dans les \u00e9coles primaires genevoises: une approche didactique.<\/strong><\/p>\n<p>La probl\u00e9matique de la recherche pr\u00e9sent\u00e9e concerne la mise en oeuvre de l&#8217;enseignement\u00a0de la rythmique Jaques-Dalcroze dans les \u00e9coles primaires genevoises. Con\u00e7ue \u00e0 l&#8217;origine\u00a0comme moyen d&#8217;\u00e9ducation musicale, la rythmique, en entrant dans les \u00e9coles primaires de\u00a0Gen\u00e8ve, est devenue une discipline scolaire. Notre th\u00e8se est que la rythmique scolaire\u00a0semble s&#8217;\u00eatre d\u00e9velopp\u00e9e au sein d&#8217;une tension entre sa fonction de m\u00e9thode d&#8217;\u00e9ducation\u00a0musicale et son r\u00f4le en tant que discipline scolaire, vou\u00e9e \u00e0 participer, avec un ensemble\u00a0d&#8217;autres disciplines scolaires, au projet social de d\u00e9veloppement des \u00e9l\u00e8ves. Nous nous\u00a0int\u00e9ressons aux pratiques actuelles de l&#8217;enseignement de la rythmique, notamment aux\u00a0savoirs de r\u00e9f\u00e9rence qui sp\u00e9cifient l&#8217;action d&#8217;enseigner. A partir des situations didactiques\u00a0observ\u00e9es, nous analysons la construction de l&#8217;objet d&#8217;enseignement \u00e0 travers la rythmique\u00a0Jaques-Dalcrozre en milieu scolaire.<\/p>\n<p><a href=\"http:\/\/archive-ouverte.unige.ch\/unige:41997\" target=\"_blank\" rel=\"noopener noreferrer\">Th\u00e8se de Mary Brice<\/a>[\/vc_column_text][\/vc_column_inner][\/vc_row_inner][vc_row_inner][vc_column_inner width=&#8221;1\/3&#8243;][\/vc_column_inner][vc_column_inner width=&#8221;1\/3&#8243;][\/vc_column_inner][vc_column_inner width=&#8221;1\/3&#8243;][\/vc_column_inner][\/vc_row_inner][vc_row_inner][vc_column_inner width=&#8221;1\/3&#8243;][\/vc_column_inner][vc_column_inner width=&#8221;1\/3&#8243;][\/vc_column_inner][vc_column_inner width=&#8221;1\/3&#8243;][\/vc_column_inner][\/vc_row_inner][vc_row_inner][vc_column_inner width=&#8221;1\/3&#8243;][\/vc_column_inner][vc_column_inner width=&#8221;1\/3&#8243;][\/vc_column_inner][vc_column_inner width=&#8221;1\/3&#8243;][\/vc_column_inner][\/vc_row_inner][\/vc_tab][\/vc_tabs][\/vc_column][\/vc_row]<\/p>\n","protected":false},"excerpt":{"rendered":"<p>[vc_row][vc_column][vc_tabs][vc_tab title=&#8221;CD&#8221; tab_id=&#8221;1424797929-2-41&#8243;][vc_row_inner][vc_column_inner width=&#8221;1\/3&#8243;][vc_single_image image=&#8221;325&#8243; img_size=&#8221;medium&#8221;][vc_column_text] Et Pan dans l&#8217;Emile Douze chansons d&#8217;Emile Jaques-Dalcroze\u00a0d\u00e9tourn\u00e9es et r\u00e9arrang\u00e9es par Pascal Chenu, Olivier Rogg et Laurent Sourisse. Fr&#8230;.<\/p>\n<p class=\"readmore\"><a class=\"more-btn\" href=\"https:\/\/rythmique.ch\/newSite\/publications\/\">Read More<\/a><\/p>\n","protected":false},"author":2,"featured_media":0,"parent":0,"menu_order":0,"comment_status":"closed","ping_status":"open","template":"","meta":{"footnotes":""},"class_list":["post-23","page","type-page","status-publish","hentry"],"_links":{"self":[{"href":"https:\/\/rythmique.ch\/newSite\/wp-json\/wp\/v2\/pages\/23","targetHints":{"allow":["GET"]}}],"collection":[{"href":"https:\/\/rythmique.ch\/newSite\/wp-json\/wp\/v2\/pages"}],"about":[{"href":"https:\/\/rythmique.ch\/newSite\/wp-json\/wp\/v2\/types\/page"}],"author":[{"embeddable":true,"href":"https:\/\/rythmique.ch\/newSite\/wp-json\/wp\/v2\/users\/2"}],"replies":[{"embeddable":true,"href":"https:\/\/rythmique.ch\/newSite\/wp-json\/wp\/v2\/comments?post=23"}],"version-history":[{"count":267,"href":"https:\/\/rythmique.ch\/newSite\/wp-json\/wp\/v2\/pages\/23\/revisions"}],"predecessor-version":[{"id":2620,"href":"https:\/\/rythmique.ch\/newSite\/wp-json\/wp\/v2\/pages\/23\/revisions\/2620"}],"wp:attachment":[{"href":"https:\/\/rythmique.ch\/newSite\/wp-json\/wp\/v2\/media?parent=23"}],"curies":[{"name":"wp","href":"https:\/\/api.w.org\/{rel}","templated":true}]}}